{"id":40,"date":"2021-10-28T16:30:58","date_gmt":"2021-10-28T14:30:58","guid":{"rendered":"https:\/\/www.fedebon.fr\/48\/?page_id=40"},"modified":"2025-11-05T09:56:12","modified_gmt":"2025-11-05T08:56:12","slug":"un-chef-dentreprise","status":"publish","type":"page","link":"https:\/\/www.fedebon.fr\/48\/les-avantages-des-cheques-fedebon48\/un-chef-dentreprise\/","title":{"rendered":"Un chef d&rsquo;entreprise"},"content":{"rendered":"<p>[vc_row][vc_column][vc_column_text]<\/p>\n<div class=\"titre_fedebon\">\n<p>[\/vc_column_text][\/vc_column][\/vc_row][vc_row][vc_column][vc_custom_heading icon=\u00a0\u00bbfa fa-briefcase\u00a0\u00bb icon_size=\u00a0\u00bb50&Prime; text=\u00a0\u00bbVous \u00eates un chef d&rsquo;entreprise\u00a0\u00bb google_fonts=\u00a0\u00bbfont_family:Montserrat%3Aregular%2C700|font_style:400%20regular%3A400%3Anormal\u00a0\u00bb subtitle=\u00a0\u00bbet vous souhaitez&#8230;\u00a0\u00bb][vc_row_inner el_id=\u00a0\u00bbfloatleft\u00a0\u00bb][vc_column_inner width=\u00a0\u00bb1\/2&Prime;][vc_column_text]Bien mieux qu&rsquo;une prime, <strong>le ch\u00e8que cadeau F\u00e9d\u00e9bon 48 est d\u00e9ductible et exon\u00e9r\u00e9 de charges sociales<\/strong> pour l&rsquo;entreprise et non imposable pour le salari\u00e9. <strong>Les F\u00e9d\u00e9bon 48 peuvent \u00eatre offerts \u00e0 tout moment de l&rsquo;ann\u00e9e<\/strong>, \u00e0 l&rsquo;occasion de nombreux \u00e9v\u00e9nements (mariage, naissance, retraite, f\u00eate des p\u00e8res et des m\u00e8res, No\u00ebl des salari\u00e9s\u2026).[\/vc_column_text][stm_icon_box hide_title_line=\u00a0\u00bbhide_title_line\u00a0\u00bb enable_hexagon=\u00a0\u00bbenable\u00a0\u00bb enable_hexagon_animation=\u00a0\u00bbenable\u00a0\u00bb v_align_middle=\u00a0\u00bbenable\u00a0\u00bb icon=\u00a0\u00bbstm-mans\u00a0\u00bb style=\u00a0\u00bbicon_left\u00a0\u00bb icon_size=\u00a0\u00bb32&Prime; icon_width=\u00a0\u00bb70&Prime; title=\u00a0\u00bbMotiver, stimuler ou r\u00e9compenser vos salari\u00e9s\u00a0\u00bb css=\u00a0\u00bb.vc_custom_1461664620535{margin-right: 30px !important;}\u00a0\u00bb][\/stm_icon_box][stm_icon_box hide_title_line=\u00a0\u00bbhide_title_line\u00a0\u00bb enable_hexagon=\u00a0\u00bbenable\u00a0\u00bb enable_hexagon_animation=\u00a0\u00bbenable\u00a0\u00bb v_align_middle=\u00a0\u00bbenable\u00a0\u00bb icon=\u00a0\u00bbstm-graph\u00a0\u00bb style=\u00a0\u00bbicon_left\u00a0\u00bb icon_size=\u00a0\u00bb32&Prime; icon_width=\u00a0\u00bb70&Prime; title=\u00a0\u00bbContribuer au d\u00e9veloppement de l&rsquo;\u00e9conomie de la Loz\u00e8re\u00a0\u00bb][\/stm_icon_box][stm_icon_box hide_title_line=\u00a0\u00bbhide_title_line\u00a0\u00bb enable_hexagon=\u00a0\u00bbenable\u00a0\u00bb enable_hexagon_animation=\u00a0\u00bbenable\u00a0\u00bb v_align_middle=\u00a0\u00bbenable\u00a0\u00bb icon=\u00a0\u00bbfa fa-birthday-cake\u00a0\u00bb style=\u00a0\u00bbicon_left\u00a0\u00bb icon_size=\u00a0\u00bb32&Prime; icon_width=\u00a0\u00bb70&Prime; title=\u00a0\u00bbF\u00eater un \u00e9v\u00e9nement familial au sein de votre entreprise :\u00a0\u00bb]D\u00e9part \u00e0 la retraite, naissance, mariage&#8230;<\/p>\n<p>Sous r\u00e9serve du respect de certaines conditions &#8211; cf r\u00e9glementation Urssaf*[\/stm_icon_box][\/vc_column_inner][vc_column_inner width=\u00a0\u00bb1\/2&Prime;][vc_custom_heading text=\u00a0\u00bbF\u00e9d\u00e9bon 48 vous int\u00e9resse ?\u00a0\u00bb google_fonts=\u00a0\u00bbfont_family:Montserrat%3Aregular%2C700|font_style:400%20regular%3A400%3Anormal\u00a0\u00bb][vc_cta h2=\u00a0\u00bbProposez ce mode de paiement \u00e0 vos salari\u00e9s.\u00a0\u00bb h2_font_container=\u00a0\u00bbfont_size:20px|color:%23000000|line_height:24px\u00a0\u00bb h2_use_theme_fonts=\u00a0\u00bbyes\u00a0\u00bb txt_align=\u00a0\u00bbcenter\u00a0\u00bb style=\u00a0\u00bbflat\u00a0\u00bb add_button=\u00a0\u00bbbottom\u00a0\u00bb btn_title=\u00a0\u00bbContactez-nous\u00a0\u00bb btn_style=\u00a0\u00bbflat\u00a0\u00bb btn_color=\u00a0\u00bbtheme_style_2&Prime; btn_align=\u00a0\u00bbcenter\u00a0\u00bb btn_i_icon_fontawesome=\u00a0\u00bbfa fa-arrow-right\u00a0\u00bb css_animation=\u00a0\u00bbappear\u00a0\u00bb use_custom_fonts_h2=\u00a0\u00bbtrue\u00a0\u00bb btn_button_block=\u00a0\u00bbtrue\u00a0\u00bb btn_add_icon=\u00a0\u00bbtrue\u00a0\u00bb el_class=\u00a0\u00bbthird_bg_color\u00a0\u00bb css=\u00a0\u00bb.vc_custom_1465310086833{padding-top: 20px !important;padding-right: 20px !important;padding-bottom: 20px !important;padding-left: 20px !important;background-color: #f4f4f4 !important;border-radius: 5px !important;}\u00a0\u00bb btn_link=\u00a0\u00bburl:https%3A%2F%2Fwww.fedebon.fr%2F48%2Fcontact%2F||\u00a0\u00bb][\/vc_cta][vc_column_text css_animation=\u00a0\u00bbtop-to-bottom\u00a0\u00bb css=\u00a0\u00bb.vc_custom_1642755774216{padding-top: 20px !important;padding-right: 20px !important;padding-bottom: 20px !important;padding-left: 20px !important;background-color: #243188 !important;border-radius: 5px !important;}\u00a0\u00bb]<\/p>\n<h3><span style=\"color: #ff0000;\">Les avantages de F\u00e9d\u00e9bon 48<\/span><\/h3>\n<ul>\n<li><span style=\"color: #ffffff;\">0% de charges sociales* (40% d&rsquo;\u00e9conomie par rapport \u00e0 une prime !)<\/span><\/li>\n<li><span style=\"color: #ffffff;\">0% d&rsquo;imposition pour les b\u00e9n\u00e9ficiaires<\/span><\/li>\n<li><span style=\"color: #ffffff;\">Accept\u00e9 par les commer\u00e7ants et prestataires de service adh\u00e9rents<\/span><\/li>\n<\/ul>\n<p>[\/vc_column_text][\/vc_column_inner][\/vc_row_inner][\/vc_column][\/vc_row][vc_row][vc_column][vc_column_text][\/vc_column_text][\/vc_column][\/vc_row][vc_row][vc_column][vc_empty_space][vc_single_image image=\u00a0\u00bb2465&Prime; img_size=\u00a0\u00bbfull\u00a0\u00bb alignment=\u00a0\u00bbcenter\u00a0\u00bb onclick=\u00a0\u00bbzoom\u00a0\u00bb css_animation=\u00a0\u00bbappear\u00a0\u00bb][vc_text_separator title=\u00a0\u00bbInformations compl\u00e9mentaires\u00a0\u00bb style=\u00a0\u00bbdouble\u00a0\u00bb][vc_row_inner][vc_column_inner width=\u00a0\u00bb1\/2&Prime;][vc_column_text]<a href=\"https:\/\/www.fedebon.fr\/48\/wp-content\/uploads\/sites\/9\/2025\/11\/BC-CE-Entreprises.-Collectivites.pdf\">FEDEBON 48 &#8211; Bon de commande<\/a><\/p>\n<p>&nbsp;[\/vc_column_text][\/vc_column_inner][vc_column_inner width=\u00a0\u00bb1\/2&Prime;][vc_column_text]<a href=\"https:\/\/www.fedebon.fr\/48\/wp-content\/uploads\/sites\/9\/2025\/01\/Circulaire-ACOSS.pdf\">R\u00e9glementation URSSAF<\/a>[\/vc_column_text][\/vc_column_inner][\/vc_row_inner][\/vc_column][\/vc_row][vc_row][vc_column][vc_empty_space][\/vc_column][\/vc_row][vc_row full_width=\u00a0\u00bbstretch_row\u00a0\u00bb css=\u00a0\u00bb.vc_custom_1466157462538{margin-bottom: -60px !important;background-color: #fbba00 !important;}\u00a0\u00bb el_class=\u00a0\u00bbthird_bg_color\u00a0\u00bb][vc_column css=\u00a0\u00bb.vc_custom_1465310797803{background-color: #fbba00 !important;}\u00a0\u00bb][vc_cta h2=\u00a0\u00bbBesoin d&rsquo;un renseignement ?\u00a0\u00bb h2_font_container=\u00a0\u00bbfont_size:20px|color:%23000000|line_height:24px\u00a0\u00bb h2_use_theme_fonts=\u00a0\u00bbyes\u00a0\u00bb shape=\u00a0\u00bbsquare\u00a0\u00bb style=\u00a0\u00bbflat\u00a0\u00bb add_button=\u00a0\u00bbright\u00a0\u00bb btn_title=\u00a0\u00bbNous contacter\u00a0\u00bb btn_style=\u00a0\u00bbflat\u00a0\u00bb btn_color=\u00a0\u00bbtheme_style_2&Prime; btn_align=\u00a0\u00bbright\u00a0\u00bb btn_i_align=\u00a0\u00bbright\u00a0\u00bb btn_i_icon_fontawesome=\u00a0\u00bbfa fa-arrow-right\u00a0\u00bb use_custom_fonts_h2=\u00a0\u00bbtrue\u00a0\u00bb btn_button_block=\u00a0\u00bbtrue\u00a0\u00bb btn_add_icon=\u00a0\u00bbtrue\u00a0\u00bb el_class=\u00a0\u00bbthird_bg_color\u00a0\u00bb css=\u00a0\u00bb.vc_custom_1465310804330{margin-bottom: 0px !important;background-color: #fbba00 !important;}\u00a0\u00bb btn_link=\u00a0\u00bburl:https%3A%2F%2Fwww.fedebon.fr%2F48%2Fcontact%2F||\u00a0\u00bb][\/vc_cta][\/vc_column][\/vc_row][vc_row][vc_column][vc_column_text]<\/div>\n<p>[\/vc_column_text][\/vc_column][\/vc_row]<\/p>\n","protected":false},"excerpt":{"rendered":"<p>[vc_row][vc_column][vc_column_text] [\/vc_column_text][\/vc_column][\/vc_row][vc_row][vc_column][vc_custom_heading icon=\u00a0\u00bbfa fa-briefcase\u00a0\u00bb icon_size=\u00a0\u00bb50&Prime; text=\u00a0\u00bbVous \u00eates un chef d&rsquo;entreprise\u00a0\u00bb google_fonts=\u00a0\u00bbfont_family:Montserrat%3Aregular%2C700|font_style:400%20regular%3A400%3Anormal\u00a0\u00bb subtitle=\u00a0\u00bbet vous souhaitez&#8230;\u00a0\u00bb][vc_row_inner el_id=\u00a0\u00bbfloatleft\u00a0\u00bb][vc_column_inner width=\u00a0\u00bb1\/2&Prime;][vc_column_text]Bien mieux qu&rsquo;une prime, le ch\u00e8que cadeau F\u00e9d\u00e9bon 48 est d\u00e9ductible et exon\u00e9r\u00e9 de charges sociales pour l&rsquo;entreprise et non imposable pour le salari\u00e9. Les F\u00e9d\u00e9bon 48 peuvent \u00eatre offerts \u00e0 tout moment de l&rsquo;ann\u00e9e, \u00e0 l&rsquo;occasion de nombreux \u00e9v\u00e9nements<\/p>\n","protected":false},"author":1,"featured_media":0,"parent":29,"menu_order":0,"comment_status":"closed","ping_status":"closed","template":"","meta":[],"yoast_head":"<!-- This site is optimized with the Yoast SEO plugin v19.4 - https:\/\/yoast.com\/wordpress\/plugins\/seo\/ -->\n<title>Un chef d&#039;entreprise - F\u00e9d\u00e9bon 48<\/title>\n<meta name=\"robots\" content=\"index, follow, max-snippet:-1, max-image-preview:large, max-video-preview:-1\" \/>\n<link rel=\"canonical\" href=\"https:\/\/www.fedebon.fr\/48\/les-avantages-des-cheques-fedebon48\/un-chef-dentreprise\/\" \/>\n<meta property=\"og:locale\" content=\"fr_FR\" \/>\n<meta property=\"og:type\" content=\"article\" \/>\n<meta property=\"og:title\" content=\"Un chef d&#039;entreprise - F\u00e9d\u00e9bon 48\" \/>\n<meta property=\"og:description\" content=\"[vc_row][vc_column][vc_column_text] [\/vc_column_text][\/vc_column][\/vc_row][vc_row][vc_column][vc_custom_heading icon=\u00a0\u00bbfa fa-briefcase\u00a0\u00bb icon_size=\u00a0\u00bb50&Prime; text=\u00a0\u00bbVous \u00eates un chef d&rsquo;entreprise\u00a0\u00bb google_fonts=\u00a0\u00bbfont_family:Montserrat%3Aregular%2C700|font_style:400%20regular%3A400%3Anormal\u00a0\u00bb subtitle=\u00a0\u00bbet vous souhaitez&#8230;\u00a0\u00bb][vc_row_inner el_id=\u00a0\u00bbfloatleft\u00a0\u00bb][vc_column_inner width=\u00a0\u00bb1\/2&Prime;][vc_column_text]Bien mieux qu&rsquo;une prime, le ch\u00e8que cadeau F\u00e9d\u00e9bon 48 est d\u00e9ductible et exon\u00e9r\u00e9 de charges sociales pour l&rsquo;entreprise et non imposable pour le salari\u00e9. Les F\u00e9d\u00e9bon 48 peuvent \u00eatre offerts \u00e0 tout moment de l&rsquo;ann\u00e9e, \u00e0 l&rsquo;occasion de nombreux \u00e9v\u00e9nements\" \/>\n<meta property=\"og:url\" content=\"https:\/\/www.fedebon.fr\/48\/les-avantages-des-cheques-fedebon48\/un-chef-dentreprise\/\" \/>\n<meta property=\"og:site_name\" content=\"F\u00e9d\u00e9bon 48\" \/>\n<meta property=\"article:publisher\" content=\"https:\/\/www.facebook.com\/Fedebon11-1564123283891006\/\" \/>\n<meta property=\"article:modified_time\" content=\"2025-11-05T08:56:12+00:00\" \/>\n<meta property=\"og:image\" content=\"http:\/\/www.fedebon.fr\/11\/wp-content\/uploads\/sites\/2\/2016\/09\/fedebon11-carre.png\" \/>\n<meta name=\"twitter:label1\" content=\"Dur\u00e9e de lecture estim\u00e9e\" \/>\n\t<meta name=\"twitter:data1\" content=\"2 minutes\" \/>\n<script type=\"application\/ld+json\" class=\"yoast-schema-graph\">{\"@context\":\"https:\/\/schema.org\",\"@graph\":[{\"@type\":\"WebSite\",\"@id\":\"https:\/\/www.fedebon.fr\/48\/#website\",\"url\":\"https:\/\/www.fedebon.fr\/48\/\",\"name\":\"F\u00e9d\u00e9bon 48\",\"description\":\"F\u00e9d\u00e9bon 48 est un ch\u00e8que cadeau mis \u00e0 la disposition des entreprises, collectivit\u00e9s, et des comit\u00e9s d&#039;entreprise.\",\"potentialAction\":[{\"@type\":\"SearchAction\",\"target\":{\"@type\":\"EntryPoint\",\"urlTemplate\":\"https:\/\/www.fedebon.fr\/48\/?s={search_term_string}\"},\"query-input\":\"required name=search_term_string\"}],\"inLanguage\":\"fr-FR\"},{\"@type\":\"WebPage\",\"@id\":\"https:\/\/www.fedebon.fr\/48\/les-avantages-des-cheques-fedebon48\/un-chef-dentreprise\/\",\"url\":\"https:\/\/www.fedebon.fr\/48\/les-avantages-des-cheques-fedebon48\/un-chef-dentreprise\/\",\"name\":\"Un chef d'entreprise - F\u00e9d\u00e9bon 48\",\"isPartOf\":{\"@id\":\"https:\/\/www.fedebon.fr\/48\/#website\"},\"datePublished\":\"2021-10-28T14:30:58+00:00\",\"dateModified\":\"2025-11-05T08:56:12+00:00\",\"breadcrumb\":{\"@id\":\"https:\/\/www.fedebon.fr\/48\/les-avantages-des-cheques-fedebon48\/un-chef-dentreprise\/#breadcrumb\"},\"inLanguage\":\"fr-FR\",\"potentialAction\":[{\"@type\":\"ReadAction\",\"target\":[\"https:\/\/www.fedebon.fr\/48\/les-avantages-des-cheques-fedebon48\/un-chef-dentreprise\/\"]}]},{\"@type\":\"BreadcrumbList\",\"@id\":\"https:\/\/www.fedebon.fr\/48\/les-avantages-des-cheques-fedebon48\/un-chef-dentreprise\/#breadcrumb\",\"itemListElement\":[{\"@type\":\"ListItem\",\"position\":1,\"name\":\"Accueil\",\"item\":\"https:\/\/www.fedebon.fr\/48\/\"},{\"@type\":\"ListItem\",\"position\":2,\"name\":\"Les avantages des ch\u00e8ques-cadeaux F\u00e9d\u00e9bon 48\",\"item\":\"https:\/\/www.fedebon.fr\/48\/les-avantages-des-cheques-fedebon48\/\"},{\"@type\":\"ListItem\",\"position\":3,\"name\":\"Un chef d&#8217;entreprise\"}]}]}<\/script>\n<!-- \/ Yoast SEO plugin. -->","yoast_head_json":{"title":"Un chef d'entreprise - F\u00e9d\u00e9bon 48","robots":{"index":"index","follow":"follow","max-snippet":"max-snippet:-1","max-image-preview":"max-image-preview:large","max-video-preview":"max-video-preview:-1"},"canonical":"https:\/\/www.fedebon.fr\/48\/les-avantages-des-cheques-fedebon48\/un-chef-dentreprise\/","og_locale":"fr_FR","og_type":"article","og_title":"Un chef d'entreprise - F\u00e9d\u00e9bon 48","og_description":"[vc_row][vc_column][vc_column_text] [\/vc_column_text][\/vc_column][\/vc_row][vc_row][vc_column][vc_custom_heading icon=\u00a0\u00bbfa fa-briefcase\u00a0\u00bb icon_size=\u00a0\u00bb50&Prime; text=\u00a0\u00bbVous \u00eates un chef d&rsquo;entreprise\u00a0\u00bb google_fonts=\u00a0\u00bbfont_family:Montserrat%3Aregular%2C700|font_style:400%20regular%3A400%3Anormal\u00a0\u00bb subtitle=\u00a0\u00bbet vous souhaitez&#8230;\u00a0\u00bb][vc_row_inner el_id=\u00a0\u00bbfloatleft\u00a0\u00bb][vc_column_inner width=\u00a0\u00bb1\/2&Prime;][vc_column_text]Bien mieux qu&rsquo;une prime, le ch\u00e8que cadeau F\u00e9d\u00e9bon 48 est d\u00e9ductible et exon\u00e9r\u00e9 de charges sociales pour l&rsquo;entreprise et non imposable pour le salari\u00e9. Les F\u00e9d\u00e9bon 48 peuvent \u00eatre offerts \u00e0 tout moment de l&rsquo;ann\u00e9e, \u00e0 l&rsquo;occasion de nombreux \u00e9v\u00e9nements","og_url":"https:\/\/www.fedebon.fr\/48\/les-avantages-des-cheques-fedebon48\/un-chef-dentreprise\/","og_site_name":"F\u00e9d\u00e9bon 48","article_publisher":"https:\/\/www.facebook.com\/Fedebon11-1564123283891006\/","article_modified_time":"2025-11-05T08:56:12+00:00","og_image":[{"url":"http:\/\/www.fedebon.fr\/11\/wp-content\/uploads\/sites\/2\/2016\/09\/fedebon11-carre.png"}],"twitter_misc":{"Dur\u00e9e de lecture estim\u00e9e":"2 minutes"},"schema":{"@context":"https:\/\/schema.org","@graph":[{"@type":"WebSite","@id":"https:\/\/www.fedebon.fr\/48\/#website","url":"https:\/\/www.fedebon.fr\/48\/","name":"F\u00e9d\u00e9bon 48","description":"F\u00e9d\u00e9bon 48 est un ch\u00e8que cadeau mis \u00e0 la disposition des entreprises, collectivit\u00e9s, et des comit\u00e9s d&#039;entreprise.","potentialAction":[{"@type":"SearchAction","target":{"@type":"EntryPoint","urlTemplate":"https:\/\/www.fedebon.fr\/48\/?s={search_term_string}"},"query-input":"required name=search_term_string"}],"inLanguage":"fr-FR"},{"@type":"WebPage","@id":"https:\/\/www.fedebon.fr\/48\/les-avantages-des-cheques-fedebon48\/un-chef-dentreprise\/","url":"https:\/\/www.fedebon.fr\/48\/les-avantages-des-cheques-fedebon48\/un-chef-dentreprise\/","name":"Un chef d'entreprise - F\u00e9d\u00e9bon 48","isPartOf":{"@id":"https:\/\/www.fedebon.fr\/48\/#website"},"datePublished":"2021-10-28T14:30:58+00:00","dateModified":"2025-11-05T08:56:12+00:00","breadcrumb":{"@id":"https:\/\/www.fedebon.fr\/48\/les-avantages-des-cheques-fedebon48\/un-chef-dentreprise\/#breadcrumb"},"inLanguage":"fr-FR","potentialAction":[{"@type":"ReadAction","target":["https:\/\/www.fedebon.fr\/48\/les-avantages-des-cheques-fedebon48\/un-chef-dentreprise\/"]}]},{"@type":"BreadcrumbList","@id":"https:\/\/www.fedebon.fr\/48\/les-avantages-des-cheques-fedebon48\/un-chef-dentreprise\/#breadcrumb","itemListElement":[{"@type":"ListItem","position":1,"name":"Accueil","item":"https:\/\/www.fedebon.fr\/48\/"},{"@type":"ListItem","position":2,"name":"Les avantages des ch\u00e8ques-cadeaux F\u00e9d\u00e9bon 48","item":"https:\/\/www.fedebon.fr\/48\/les-avantages-des-cheques-fedebon48\/"},{"@type":"ListItem","position":3,"name":"Un chef d&#8217;entreprise"}]}]}},"_links":{"self":[{"href":"https:\/\/www.fedebon.fr\/48\/wp-json\/wp\/v2\/pages\/40"}],"collection":[{"href":"https:\/\/www.fedebon.fr\/48\/wp-json\/wp\/v2\/pages"}],"about":[{"href":"https:\/\/www.fedebon.fr\/48\/wp-json\/wp\/v2\/types\/page"}],"author":[{"embeddable":true,"href":"https:\/\/www.fedebon.fr\/48\/wp-json\/wp\/v2\/users\/1"}],"replies":[{"embeddable":true,"href":"https:\/\/www.fedebon.fr\/48\/wp-json\/wp\/v2\/comments?post=40"}],"version-history":[{"count":15,"href":"https:\/\/www.fedebon.fr\/48\/wp-json\/wp\/v2\/pages\/40\/revisions"}],"predecessor-version":[{"id":856,"href":"https:\/\/www.fedebon.fr\/48\/wp-json\/wp\/v2\/pages\/40\/revisions\/856"}],"up":[{"embeddable":true,"href":"https:\/\/www.fedebon.fr\/48\/wp-json\/wp\/v2\/pages\/29"}],"wp:attachment":[{"href":"https:\/\/www.fedebon.fr\/48\/wp-json\/wp\/v2\/media?parent=40"}],"curies":[{"name":"wp","href":"https:\/\/api.w.org\/{rel}","templated":true}]}}